{"id":8644,"date":"2023-03-28T09:10:06","date_gmt":"2023-03-28T08:10:06","guid":{"rendered":"https:\/\/eduvic.dev.madsys.com\/itinere23\/contacte\/"},"modified":"2025-09-18T19:02:26","modified_gmt":"2025-09-18T18:02:26","slug":"contacto","status":"publish","type":"page","link":"https:\/\/itinere.eduvic.coop\/es\/contacto\/","title":{"rendered":"Contacto"},"content":{"rendered":"<div class=\"wpb-content-wrapper\"><p>[vc_section][vc_row full_width=&#8221;stretch_row&#8221; el_id=&#8221;header-contacte&#8221; css=&#8221;.vc_custom_1684401096538{background-image: url(https:\/\/itinere.eduvic.coop\/wp-content\/uploads\/2023\/05\/contacte-1.jpg?id=7826) !important;background-position: center !important;background-repeat: no-repeat !important;background-size: cover !important;}&#8221;][vc_column][vc_empty_space height=&#8221;50px&#8221;][vc_column_text]<\/p>\n<h3><span style=\"color: #b8c752;\">Contacto<\/span><\/h3>\n<p>[\/vc_column_text][vc_empty_space height=&#8221;50px&#8221;][\/vc_column][\/vc_row][\/vc_section][vc_row][vc_column][vc_empty_space height=&#8221;64px&#8221;]\n<div class=\"wpcf7 no-js\" id=\"wpcf7-f8457-o1\" lang=\"es-ES\" dir=\"ltr\" data-wpcf7-id=\"8457\">\n<div class=\"screen-reader-response\"><p role=\"status\" aria-live=\"polite\" aria-atomic=\"true\"><\/p> <ul><\/ul><\/div>\n<form action=\"\/es\/wp-json\/wp\/v2\/pages\/8644#wpcf7-f8457-o1\" method=\"post\" class=\"wpcf7-form init\" aria-label=\"Formulario de contacto\" novalidate=\"novalidate\" data-status=\"init\">\n<fieldset class=\"hidden-fields-container\"><input type=\"hidden\" name=\"_wpcf7\" value=\"8457\" \/><input type=\"hidden\" name=\"_wpcf7_version\" value=\"6.1.5\" \/><input type=\"hidden\" name=\"_wpcf7_locale\" value=\"es_ES\" \/><input type=\"hidden\" name=\"_wpcf7_unit_tag\" value=\"wpcf7-f8457-o1\" \/><input type=\"hidden\" name=\"_wpcf7_container_post\" value=\"0\" \/><input type=\"hidden\" name=\"_wpcf7_posted_data_hash\" value=\"\" \/><input type=\"hidden\" name=\"_wpcf7_recaptcha_response\" value=\"\" \/>\n<\/fieldset>\n<div class=\"mad_cf7\">\n\t<div class=\"vc_row vc_el-clearfix\">\n\t\t<div class=\"vc_col-xs-12\">\n\t\t\t<h4 style=\"margin-bottom:32px;text-align:center;font-weight:bold;color:var(--contrast);\">Cont\u00e1ctanos si tienes dudas y te informamos\n\t\t\t<\/h4>\n\t\t<\/div>\n\t<\/div>\n\t<div class=\"vc_row vc_el-clearfix\">\n\t\t<div class=\"vc_col-xs-12 vc_col-sm-6  vc_col-md-6\">\n\t\t\t<p><label><span class=\"wpcf7-form-control-wrap\" data-name=\"cliente-nombre\"><input size=\"40\" maxlength=\"400\" class=\"wpcf7-form-control wpcf7-text wpcf7-validates-as-required\" aria-required=\"true\" aria-invalid=\"false\" placeholder=\"Nombre y apellidos (requerido)\" value=\"\" type=\"text\" name=\"cliente-nombre\" \/><\/span><\/label><br \/>\n<label><span class=\"wpcf7-form-control-wrap\" data-name=\"cliente-mail\"><input size=\"40\" maxlength=\"400\" class=\"wpcf7-form-control wpcf7-email wpcf7-validates-as-required wpcf7-text wpcf7-validates-as-email\" aria-required=\"true\" aria-invalid=\"false\" placeholder=\"Correo electr\u00f3nico (requerido)\" value=\"\" type=\"email\" name=\"cliente-mail\" \/><\/span><\/label><br \/>\n<label><span class=\"wpcf7-form-control-wrap\" data-name=\"cliente-telf\"><input size=\"40\" maxlength=\"400\" class=\"wpcf7-form-control wpcf7-text wpcf7-validates-as-required\" aria-required=\"true\" aria-invalid=\"false\" placeholder=\"Tel\u00e9fono (requerido)\" value=\"\" type=\"text\" name=\"cliente-telf\" \/><\/span><\/label><br \/>\n<span class=\"wpcf7-form-control-wrap\" data-name=\"formacions\"><select class=\"wpcf7-form-control wpcf7-select wpcf7-validates-as-required\" aria-required=\"true\" aria-invalid=\"false\" name=\"formacions\"><option value=\"\">\u00bfQu\u00e9 te interesa?<\/option><option value=\"Acompa\u00f1amiento a las familias en la crianza\">Acompa\u00f1amiento a las familias en la crianza<\/option><option value=\"Acompa\u00f1amiento al duelo b\u00e1sico; una visi\u00f3n poli\u00e9drica\">Acompa\u00f1amiento al duelo b\u00e1sico; una visi\u00f3n poli\u00e9drica<\/option><option value=\"Acompa\u00f1amiento al luto perinatal; rompemos tab\u00faes\">Acompa\u00f1amiento al luto perinatal; rompemos tab\u00faes<\/option><option value=\"Autocuidado emocional para equipos del tercer sector\">Autocuidado emocional para equipos del tercer sector<\/option><option value=\"Curso especializado en el manejo de la psicopatolog\u00eda en contextos sociales y educativos\">Curso especializado en el manejo de la psicopatolog\u00eda en contextos sociales y educativos<\/option><option value=\"Diagn\u00f3stico sist\u00e9mico en situaciones de maltrato y desamparo infantil\">Diagn\u00f3stico sist\u00e9mico en situaciones de maltrato y desamparo infantil<\/option><option value=\"El final de la vida en el siglo XXI\">El final de la vida en el siglo XXI<\/option><option value=\"El genograma familiar trigeneracional: herramienta de diagn\u00f3stico y t\u00e9cnica de intervenci\u00f3n\">El genograma familiar trigeneracional: herramienta de diagn\u00f3stico y t\u00e9cnica de intervenci\u00f3n<\/option><option value=\"El trabajo con familias en situaci\u00f3n de vulnerabilidad desde una perspectiva sist\u00e9mica\">El trabajo con familias en situaci\u00f3n de vulnerabilidad desde una perspectiva sist\u00e9mica<\/option><option value=\"El trabajo de la historia de vida de los ni\u00f1os, ni\u00f1as y adolescentes a trav\u00e9s de la tutor\u00eda\">El trabajo de la historia de vida de los ni\u00f1os, ni\u00f1as y adolescentes a trav\u00e9s de la tutor\u00eda<\/option><option value=\"El trabajo educativo con familias con dificultades\">El trabajo educativo con familias con dificultades<\/option><option value=\"Escuchar a mi equipo de trabajo\">Escuchar a mi equipo de trabajo<\/option><option value=\"\u00c9tica organizacional: construyendo una cultura de integridad\">\u00c9tica organizacional: construyendo una cultura de integridad<\/option><option value=\"Herramientas facilitadoras del trabajo con ni\u00f1os, ni\u00f1as, adolescentes y sus familias en el contexto de centros abiertos\">Herramientas facilitadoras del trabajo con ni\u00f1os, ni\u00f1as, adolescentes y sus familias en el contexto de centros abiertos<\/option><option value=\"Inteligencia emocional: c\u00f3mo gestionarla en beneficio propio y de tu ejercicio profesional\">Inteligencia emocional: c\u00f3mo gestionarla en beneficio propio y de tu ejercicio profesional<\/option><option value=\"La alegr\u00eda y la risa como ant\u00eddoto en el contexto actual: c\u00f3mo realizar un taller de risoterapia dirigido a la infancia y la adolescencia\">La alegr\u00eda y la risa como ant\u00eddoto en el contexto actual: c\u00f3mo realizar un taller de risoterapia dirigido a la infancia y la adolescencia<\/option><option value=\"La seguridad psicol\u00f3gica en el equipo de trabajo\">La seguridad psicol\u00f3gica en el equipo de trabajo<\/option><option value=\"Liderazgo situacional\">Liderazgo situacional<\/option><option value=\"Manejo de la adversidad\">Manejo de la adversidad<\/option><option value=\"M\u00e1ster en Terapia Asistida con Perros y Gatos\">M\u00e1ster en Terapia Asistida con Perros y Gatos<\/option><option value=\"Mentor\u00eda de liderazgo\">Mentor\u00eda de liderazgo<\/option><option value=\"Posgrado en Intervenci\u00f3n de Adicciones: desde la Terapia Familiar, el Trauma y el G\u00e9nero\">Posgrado en Intervenci\u00f3n de Adicciones: desde la Terapia Familiar, el Trauma y el G\u00e9nero<\/option><option value=\"Posgrado en Intervenci\u00f3n en Atenci\u00f3n Precoz: primera infancia y familia\">Posgrado en Intervenci\u00f3n en Atenci\u00f3n Precoz: primera infancia y familia<\/option><option value=\"Posgrado en Intervenciones Asistidas con Perros\">Posgrado en Intervenciones Asistidas con Perros<\/option><option value=\"Posgrado en Pr\u00e1cticas Supervisadas en Terapia Familiar\">Posgrado en Pr\u00e1cticas Supervisadas en Terapia Familiar<\/option><option value=\"Seminario de t\u00e9cnicas sist\u00e9micas y de neurociencia aplicada a trav\u00e9s de la supervisi\u00f3n de casos\">Seminario de t\u00e9cnicas sist\u00e9micas y de neurociencia aplicada a trav\u00e9s de la supervisi\u00f3n de casos<\/option><option value=\"Taller de elaboraci\u00f3n de Proyectos Educativos Individualizados de 0 a 18 a\u00f1os\">Taller de elaboraci\u00f3n de Proyectos Educativos Individualizados de 0 a 18 a\u00f1os<\/option><option value=\"Taller pr\u00e1ctico de elaboraci\u00f3n y redacci\u00f3n de informes\">Taller pr\u00e1ctico de elaboraci\u00f3n y redacci\u00f3n de informes<\/option><option value=\"Todos\/as podemos ser l\u00edderes efectivos\/as\">Todos\/as podemos ser l\u00edderes efectivos\/as<\/option><option value=\"T\u00f3picos gerencials en tiempos vol\u00e1tiles, ambiguos e inciertos\">T\u00f3picos gerencials en tiempos vol\u00e1tiles, ambiguos e inciertos<\/option><option value=\"Violencia en adolescentes, evaluaci\u00f3n y tratamiento\">Violencia en adolescentes, evaluaci\u00f3n y tratamiento<\/option><option value=\"M\u00e1ster en Terapia Familiar Socioeducativa\">M\u00e1ster en Terapia Familiar Socioeducativa<\/option><option value=\"Posgrado en Intervenci\u00f3n Familiar Socioeducativa\">Posgrado en Intervenci\u00f3n Familiar Socioeducativa<\/option><option value=\"M\u00e1ster en Atenci\u00f3n Precoz y Familia\">M\u00e1ster en Atenci\u00f3n Precoz y Familia<\/option><option value=\"La regulaci\u00f3n emocional desde una \u00f3ptica sist\u00e9mica y neurocient\u00edfica en la atenci\u00f3n con la infancia, la adolescencia y las familias\">La regulaci\u00f3n emocional desde una \u00f3ptica sist\u00e9mica y neurocient\u00edfica en la atenci\u00f3n con la infancia, la adolescencia y las familias<\/option><\/select><\/span>\n\t\t\t<\/p>\n\t\t<\/div>\n\t\t<div class=\"vc_col-xs-12 vc_col-sm-6  vc_col-md-6 col-right\">\n\t\t\t<p><label><span class=\"wpcf7-form-control-wrap\" data-name=\"cliente-consulta\"><textarea cols=\"40\" rows=\"7\" maxlength=\"2000\" class=\"wpcf7-form-control wpcf7-textarea form-control\" aria-invalid=\"false\" placeholder=\"Mensaje\" name=\"cliente-consulta\"><\/textarea><\/span><\/label><br \/>\n<span class=\"wpcf7-form-control-wrap\" data-name=\"privacidad\"><span class=\"wpcf7-form-control wpcf7-acceptance\"><span class=\"wpcf7-list-item\"><input type=\"checkbox\" name=\"privacidad\" value=\"1\" aria-invalid=\"false\" \/><\/span><\/span><\/span> He le\u00eddo y acepto la <a style=\"color:#74777b; text-decoration:underline;\" href=\"https:\/\/itinere.eduvic.coop\/es\/politica-privacidad\/\">pol\u00edtica de privacidad <\/a>\n\t\t\t<\/p>\n\t\t<\/div>\n\t\t<div class=\"vc_col-xs-12 vc_col-sm-6  vc_col-md-6 col-right\">\n\t\t\t<p><input class=\"wpcf7-form-control wpcf7-submit has-spinner c7b_boton-enviar\" type=\"submit\" value=\"Enviar\" \/>\n\t\t\t<\/p>\n\t\t<\/div>\n\t<\/div>\n<\/div><div class=\"wpcf7-response-output\" aria-hidden=\"true\"><\/div>\n<\/form>\n<\/div>\n[vc_empty_space height=&#8221;64px&#8221;][\/vc_column][\/vc_row]<\/p>\n<\/div>","protected":false},"excerpt":{"rendered":"<p>[vc_section][vc_row full_width=&#8221;stretch_row&#8221; el_id=&#8221;header-contacte&#8221; css=&#8221;.vc_custom_1684401096538{background-image: url(https:\/\/itinere.eduvic.coop\/wp-content\/uploads\/2023\/05\/contacte-1.jpg?id=7826) !important;background-position: center !important;background-repeat: no-repeat !important;background-size: cover !important;}&#8221;][vc_column][vc_empty_space height=&#8221;50px&#8221;][vc_column_text] Contacto [\/vc_column_text][vc_empty_space height=&#8221;50px&#8221;][\/vc_column][\/vc_row][\/vc_section][vc_row][vc_column][vc_empty_space height=&#8221;64px&#8221;][vc_empty_space height=&#8221;64px&#8221;][\/vc_column][\/vc_row]<\/p>\n","protected":false},"author":4,"featured_media":0,"parent":0,"menu_order":0,"comment_status":"closed","ping_status":"closed","template":"","meta":{"_acf_changed":false,"footnotes":""},"class_list":{"0":"post-8644","1":"page","2":"type-page","3":"status-publish","5":"infinite-scroll-item"},"acf":[],"yoast_head":"<!-- This site is optimized with the Yoast SEO plugin v27.4 - https:\/\/yoast.com\/product\/yoast-seo-wordpress\/ -->\n<title>Contacto - EDUVIC \u00b7 Itinere<\/title>\n<meta name=\"description\" content=\"Ponte en contacto con EDUVIC \u00b7 Itinere para recibir informaci\u00f3n sobre m\u00e1sters, postgrados, cursos y servicios de formaci\u00f3n especializada.\" \/>\n<meta name=\"robots\" content=\"index, follow, max-snippet:-1, max-image-preview:large, max-video-preview:-1\" \/>\n<link rel=\"canonical\" href=\"https:\/\/itinere.eduvic.coop\/es\/contacto\/\" \/>\n<meta property=\"og:locale\" content=\"es_ES\" \/>\n<meta property=\"og:type\" content=\"article\" \/>\n<meta property=\"og:title\" content=\"Contacto - EDUVIC \u00b7 Itinere\" \/>\n<meta property=\"og:description\" content=\"Ponte en contacto con EDUVIC \u00b7 Itinere para recibir informaci\u00f3n sobre m\u00e1sters, postgrados, cursos y servicios de formaci\u00f3n especializada.\" \/>\n<meta property=\"og:url\" content=\"https:\/\/itinere.eduvic.coop\/es\/contacto\/\" \/>\n<meta property=\"og:site_name\" content=\"EDUVIC \u00b7 Itinere\" \/>\n<meta property=\"article:modified_time\" content=\"2025-09-18T18:02:26+00:00\" \/>\n<meta name=\"twitter:card\" content=\"summary_large_image\" \/>\n<meta name=\"twitter:label1\" content=\"Tiempo de lectura\" \/>\n\t<meta name=\"twitter:data1\" content=\"1 minuto\" \/>\n<script type=\"application\/ld+json\" class=\"yoast-schema-graph\">{\"@context\":\"https:\\\/\\\/schema.org\",\"@graph\":[{\"@type\":\"WebPage\",\"@id\":\"https:\\\/\\\/itinere.eduvic.coop\\\/es\\\/contacto\\\/\",\"url\":\"https:\\\/\\\/itinere.eduvic.coop\\\/es\\\/contacto\\\/\",\"name\":\"Contacto - EDUVIC \u00b7 Itinere\",\"isPartOf\":{\"@id\":\"https:\\\/\\\/itinere.eduvic.coop\\\/es\\\/#website\"},\"datePublished\":\"2023-03-28T08:10:06+00:00\",\"dateModified\":\"2025-09-18T18:02:26+00:00\",\"description\":\"Ponte en contacto con EDUVIC \u00b7 Itinere para recibir informaci\u00f3n sobre m\u00e1sters, postgrados, cursos y servicios de formaci\u00f3n especializada.\",\"breadcrumb\":{\"@id\":\"https:\\\/\\\/itinere.eduvic.coop\\\/es\\\/contacto\\\/#breadcrumb\"},\"inLanguage\":\"es\",\"potentialAction\":[{\"@type\":\"ReadAction\",\"target\":[\"https:\\\/\\\/itinere.eduvic.coop\\\/es\\\/contacto\\\/\"]}]},{\"@type\":\"BreadcrumbList\",\"@id\":\"https:\\\/\\\/itinere.eduvic.coop\\\/es\\\/contacto\\\/#breadcrumb\",\"itemListElement\":[{\"@type\":\"ListItem\",\"position\":1,\"name\":\"Inici\",\"item\":\"https:\\\/\\\/itinere.eduvic.coop\\\/es\\\/\"},{\"@type\":\"ListItem\",\"position\":2,\"name\":\"Contacto\"}]},{\"@type\":\"WebSite\",\"@id\":\"https:\\\/\\\/itinere.eduvic.coop\\\/es\\\/#website\",\"url\":\"https:\\\/\\\/itinere.eduvic.coop\\\/es\\\/\",\"name\":\"EDUVIC \u00b7 Itinere\",\"description\":\"\",\"publisher\":{\"@id\":\"https:\\\/\\\/itinere.eduvic.coop\\\/es\\\/#organization\"},\"potentialAction\":[{\"@type\":\"SearchAction\",\"target\":{\"@type\":\"EntryPoint\",\"urlTemplate\":\"https:\\\/\\\/itinere.eduvic.coop\\\/es\\\/?s={search_term_string}\"},\"query-input\":{\"@type\":\"PropertyValueSpecification\",\"valueRequired\":true,\"valueName\":\"search_term_string\"}}],\"inLanguage\":\"es\"},{\"@type\":\"Organization\",\"@id\":\"https:\\\/\\\/itinere.eduvic.coop\\\/es\\\/#organization\",\"name\":\"EDUVIC \u00b7 Itinere\",\"url\":\"https:\\\/\\\/itinere.eduvic.coop\\\/es\\\/\",\"logo\":{\"@type\":\"ImageObject\",\"inLanguage\":\"es\",\"@id\":\"https:\\\/\\\/itinere.eduvic.coop\\\/es\\\/#\\\/schema\\\/logo\\\/image\\\/\",\"url\":\"https:\\\/\\\/itinere.eduvic.coop\\\/wp-content\\\/uploads\\\/2024\\\/04\\\/EDUVIC-ITINERE-2024.png\",\"contentUrl\":\"https:\\\/\\\/itinere.eduvic.coop\\\/wp-content\\\/uploads\\\/2024\\\/04\\\/EDUVIC-ITINERE-2024.png\",\"width\":5486,\"height\":2647,\"caption\":\"EDUVIC \u00b7 Itinere\"},\"image\":{\"@id\":\"https:\\\/\\\/itinere.eduvic.coop\\\/es\\\/#\\\/schema\\\/logo\\\/image\\\/\"},\"sameAs\":[\"https:\\\/\\\/www.instagram.com\\\/eduvic.itinere\\\/\",\"https:\\\/\\\/www.linkedin.com\\\/company\\\/82385485\\\/admin\\\/feed\\\/posts\\\/\"]}]}<\/script>\n<!-- \/ Yoast SEO plugin. -->","yoast_head_json":{"title":"Contacto - EDUVIC \u00b7 Itinere","description":"Ponte en contacto con EDUVIC \u00b7 Itinere para recibir informaci\u00f3n sobre m\u00e1sters, postgrados, cursos y servicios de formaci\u00f3n especializada.","robots":{"index":"index","follow":"follow","max-snippet":"max-snippet:-1","max-image-preview":"max-image-preview:large","max-video-preview":"max-video-preview:-1"},"canonical":"https:\/\/itinere.eduvic.coop\/es\/contacto\/","og_locale":"es_ES","og_type":"article","og_title":"Contacto - EDUVIC \u00b7 Itinere","og_description":"Ponte en contacto con EDUVIC \u00b7 Itinere para recibir informaci\u00f3n sobre m\u00e1sters, postgrados, cursos y servicios de formaci\u00f3n especializada.","og_url":"https:\/\/itinere.eduvic.coop\/es\/contacto\/","og_site_name":"EDUVIC \u00b7 Itinere","article_modified_time":"2025-09-18T18:02:26+00:00","twitter_card":"summary_large_image","twitter_misc":{"Tiempo de lectura":"1 minuto"},"schema":{"@context":"https:\/\/schema.org","@graph":[{"@type":"WebPage","@id":"https:\/\/itinere.eduvic.coop\/es\/contacto\/","url":"https:\/\/itinere.eduvic.coop\/es\/contacto\/","name":"Contacto - EDUVIC \u00b7 Itinere","isPartOf":{"@id":"https:\/\/itinere.eduvic.coop\/es\/#website"},"datePublished":"2023-03-28T08:10:06+00:00","dateModified":"2025-09-18T18:02:26+00:00","description":"Ponte en contacto con EDUVIC \u00b7 Itinere para recibir informaci\u00f3n sobre m\u00e1sters, postgrados, cursos y servicios de formaci\u00f3n especializada.","breadcrumb":{"@id":"https:\/\/itinere.eduvic.coop\/es\/contacto\/#breadcrumb"},"inLanguage":"es","potentialAction":[{"@type":"ReadAction","target":["https:\/\/itinere.eduvic.coop\/es\/contacto\/"]}]},{"@type":"BreadcrumbList","@id":"https:\/\/itinere.eduvic.coop\/es\/contacto\/#breadcrumb","itemListElement":[{"@type":"ListItem","position":1,"name":"Inici","item":"https:\/\/itinere.eduvic.coop\/es\/"},{"@type":"ListItem","position":2,"name":"Contacto"}]},{"@type":"WebSite","@id":"https:\/\/itinere.eduvic.coop\/es\/#website","url":"https:\/\/itinere.eduvic.coop\/es\/","name":"EDUVIC \u00b7 Itinere","description":"","publisher":{"@id":"https:\/\/itinere.eduvic.coop\/es\/#organization"},"potentialAction":[{"@type":"SearchAction","target":{"@type":"EntryPoint","urlTemplate":"https:\/\/itinere.eduvic.coop\/es\/?s={search_term_string}"},"query-input":{"@type":"PropertyValueSpecification","valueRequired":true,"valueName":"search_term_string"}}],"inLanguage":"es"},{"@type":"Organization","@id":"https:\/\/itinere.eduvic.coop\/es\/#organization","name":"EDUVIC \u00b7 Itinere","url":"https:\/\/itinere.eduvic.coop\/es\/","logo":{"@type":"ImageObject","inLanguage":"es","@id":"https:\/\/itinere.eduvic.coop\/es\/#\/schema\/logo\/image\/","url":"https:\/\/itinere.eduvic.coop\/wp-content\/uploads\/2024\/04\/EDUVIC-ITINERE-2024.png","contentUrl":"https:\/\/itinere.eduvic.coop\/wp-content\/uploads\/2024\/04\/EDUVIC-ITINERE-2024.png","width":5486,"height":2647,"caption":"EDUVIC \u00b7 Itinere"},"image":{"@id":"https:\/\/itinere.eduvic.coop\/es\/#\/schema\/logo\/image\/"},"sameAs":["https:\/\/www.instagram.com\/eduvic.itinere\/","https:\/\/www.linkedin.com\/company\/82385485\/admin\/feed\/posts\/"]}]}},"_links":{"self":[{"href":"https:\/\/itinere.eduvic.coop\/es\/wp-json\/wp\/v2\/pages\/8644","targetHints":{"allow":["GET"]}}],"collection":[{"href":"https:\/\/itinere.eduvic.coop\/es\/wp-json\/wp\/v2\/pages"}],"about":[{"href":"https:\/\/itinere.eduvic.coop\/es\/wp-json\/wp\/v2\/types\/page"}],"author":[{"embeddable":true,"href":"https:\/\/itinere.eduvic.coop\/es\/wp-json\/wp\/v2\/users\/4"}],"replies":[{"embeddable":true,"href":"https:\/\/itinere.eduvic.coop\/es\/wp-json\/wp\/v2\/comments?post=8644"}],"version-history":[{"count":6,"href":"https:\/\/itinere.eduvic.coop\/es\/wp-json\/wp\/v2\/pages\/8644\/revisions"}],"predecessor-version":[{"id":8650,"href":"https:\/\/itinere.eduvic.coop\/es\/wp-json\/wp\/v2\/pages\/8644\/revisions\/8650"}],"wp:attachment":[{"href":"https:\/\/itinere.eduvic.coop\/es\/wp-json\/wp\/v2\/media?parent=8644"}],"curies":[{"name":"wp","href":"https:\/\/api.w.org\/{rel}","templated":true}]}}