{"id":8427,"date":"2023-04-04T16:51:53","date_gmt":"2023-04-04T15:51:53","guid":{"rendered":"https:\/\/eduvic.dev.madsys.com\/itinere23\/recerca\/"},"modified":"2025-11-07T09:52:19","modified_gmt":"2025-11-07T08:52:19","slug":"investigacion","status":"publish","type":"page","link":"https:\/\/itinere.eduvic.coop\/es\/investigacion\/","title":{"rendered":"Investigaci\u00f3n"},"content":{"rendered":"<div class=\"wpb-content-wrapper\"><p>[vc_section][vc_row full_width=&#8221;stretch_row&#8221; css=&#8221;.vc_custom_1684832257827{background-image: url(https:\/\/itinere.eduvic.coop\/wp-content\/uploads\/2023\/05\/recerca-1-tiny-scaled.jpg?id=7720) !important;background-position: center !important;background-repeat: no-repeat !important;background-size: cover !important;}&#8221; el_id=&#8221;header-recerca&#8221; el_class=&#8221;header-page&#8221;][vc_column][vc_empty_space height=&#8221;50px&#8221;][vc_column_text]<\/p>\n<h3><span style=\"color: #b8c752;\">Investigaci\u00f3n<\/span><\/h3>\n<p>[\/vc_column_text][vc_empty_space height=&#8221;50px&#8221;][\/vc_column][\/vc_row][\/vc_section][vc_section][vc_row][vc_column][vc_empty_space height=&#8221;20px&#8221;][vc_column_text el_class=&#8221;mad_btn-2&#8243;]\u00bfQu\u00e9 hacemos?[\/vc_column_text][vc_column_text css=&#8221;&#8221; el_class=&#8221;text-justify&#8221;]Nos comprometemos <strong>con la creaci\u00f3n de conocimiento<\/strong>. Por esta raz\u00f3n, EDUVIC \u00b7 Itinere es tambi\u00e9n un centro de investigaci\u00f3n aplicada basada en el m\u00e9todo de la <span style=\"color: #b8c752;\">investigaci\u00f3n-acci\u00f3n<\/span> desde la <span style=\"color: #b8c752;\">pr\u00e1ctica reflexiva<\/span>.<\/p>\n<p>En este sentido, la Escuela dispone del <strong>\u00c1rea de servicios de atenci\u00f3n a la infancia, la adolescencia y sus familias<\/strong> y del <strong>\u00c1rea de conocimiento e investigaci\u00f3n<\/strong>, que permiten establecer un proceso bidireccional de informaci\u00f3n que fortalece y nutre ambas \u00e1reas.<\/p>\n<p>Nuestra finalidad es adquirir buenas pr\u00e1cticas que ayuden a:<\/p>\n<ul>\n<li>Mejorar la efectividad de las intervenciones profesionales y la prestaci\u00f3n de servicios.<\/li>\n<li>Dar respuesta a las necesidades emergentes de las personas profesionales y familias.<\/li>\n<\/ul>\n<p>[\/vc_column_text][\/vc_column][\/vc_row][\/vc_section][vc_section el_id=&#8221;recerca-inv&#8221;][vc_row css=&#8221;.vc_custom_1684136906660{background-image: url(https:\/\/itinere.eduvic.coop\/wp-content\/uploads\/2023\/05\/recerca-2-tiny-scaled.jpg?id=7721) !important;background-position: center !important;background-repeat: no-repeat !important;background-size: cover !important;}&#8221;][vc_column][vc_column_text css=&#8221;.vc_custom_1689249407398{margin-bottom: 0px !important;}&#8221; el_class=&#8221;mad_xl texto-destacado-1&#8243;]<\/p>\n<h6><span style=\"color: #b8c752;\">\u00bfQuieres investigar con nosotros?<\/span><\/h6>\n<p>[\/vc_column_text][vc_row_inner equal_height=&#8221;yes&#8221; content_placement=&#8221;middle&#8221; css=&#8221;.vc_custom_1684857547024{background-position: center !important;background-repeat: no-repeat !important;background-size: cover !important;}&#8221;][vc_column_inner width=&#8221;1\/2&#8243;][vc_column_text css=&#8221;.vc_custom_1744357570440{margin-bottom: 0px !important;}&#8221; el_class=&#8221;mad_xl texto-destacado-1&#8243;]<\/p>\n<h6><strong>Rosalba Gautreaux<\/strong><br \/>\n<em><span style=\"color: #999999;\">Coordinadora del \u00e1rea de investigaci\u00f3n<\/span><\/em><\/h6>\n<p>[\/vc_column_text][vc_empty_space el_class=&#8221;vc_hidden-xs&#8221;][\/vc_column_inner][vc_column_inner width=&#8221;1\/3&#8243;][vc_column_text css=&#8221;&#8221; el_class=&#8221;btn-gen1&#8243;]<a href=\"mailto:rosalba.gautreaux@eduvic.coop\">Enviar mensaje<\/a>[\/vc_column_text][\/vc_column_inner][\/vc_row_inner][\/vc_column][\/vc_row][\/vc_section][vc_section el_id=&#8221;supervis-acordeon-1&#8243;][vc_row][vc_column][vc_empty_space][vc_column_text el_class=&#8221;mad_btn-2&#8243;]Proyectos[\/vc_column_text][vc_column_text el_class=&#8221;text-justify&#8221;]Consideramos la investigaci\u00f3n un <strong>servicio que aporta valor a nuestra actividad<\/strong> para poder afrontar situaciones de reto, generar discursos y dotar de un marco te\u00f3rico que permita <span style=\"color: #b8c752;\">innovar, publicar y difundir resultados<\/span>. Para su desarrollo, establecemos relaciones de <span style=\"color: #b8c752;\">colaboraci\u00f3n<\/span> con instituciones y universidades.<\/p>\n<p>EDUVIC \u00b7 Escuela Itinere ha participado conjuntamente con el <strong>Grupo de Investigaci\u00f3n GRISIJ<\/strong> (Grupo de Investigaci\u00f3n en Intervenciones Socioeducativas en la Infancia y la Juventud) de la <strong>Universitat de Barcelona<\/strong> y la <strong>Universitat de Lleida<\/strong> en el proyecto <strong>Parental Guidance and Education<\/strong> y\u00a0<strong>CapeVfair<\/strong>, impulsado per la <strong>Comisi\u00f3n Europea<\/strong> en el marco del proyecto general <strong>Erasmus +<\/strong>.[\/vc_column_text][\/vc_column][\/vc_row][vc_row][vc_column]<div class=\"ult_exp_section_layer ult-adjust-bottom-margin mad_desplegable-1\" >\n\t\t<div id=\"uvc-exp-wrap-9452\" role=\"button\" tabindex=\"0\" aria-pressed=\"false\"  data-ultimate-target='#uvc-exp-wrap-9452'  data-responsive-json-new='{\"font-size\":\"desktop:16px;\",\"line-height\":\"desktop:20px;\"}'  class=\"ult_exp_section  ult-responsive \" style=\"color:#b8c752;background-color:#ffffff; font-weight:normal;  text-align:left;\" data-textcolor=\"#b8c752\"data-texthover=\"#b8c752\"data-icncolor=\"#333333\"data-ihover=\"#333333\"data-height=\"0\"data-cntbg=\"#ffffff\"data-cnthvrbg=\"#f4f4f4\"data-headerbg=\"#ffffff\"data-headerhover=\"#f4f4f4\"data-title=\"Grupo de Investigaci\u00f3n Aplicada a Terapia Familiar, Trauma y Neurociencias\"data-newtitle=\"Grupo de Investigaci\u00f3n Aplicada a Terapia Familiar, Trauma y Neurociencias\"data-icon=\"Defaults-plus\"data-newicon=\"Defaults-minus\"data-activeicon=\"#333333\"data-effect=\"slideToggle\"data-override=\"0\"data-activetitle=\"#b8c752\"data-activebg=\"#ffffff\"data-img=\"\"data-newimg=\"\"><div class=\"ult_exp_section-main ult_expleft_icon\">\t<div class=\"ult-just-icon-wrapper ult_exp_icon\">\n\t\t\t\t\t<div class=\"align-icon \">\n\t\t\t\t\t\t\n<span class=\"aio-icon  none  ult_expsection_icon \"  style=\"color:#333333;font-size:15px;\">\n\t<i class=\"Defaults-plus ult_ex_icon\"  ><\/i>\n<\/span>\n\t\t\t\t\t<\/div>\n\t\t\t\t<\/div>\n\t\t\t\t<div class=\"ult_expheader\" >Grupo de Investigaci\u00f3n Aplicada a Terapia Familiar, Trauma y Neurociencias\n\t\t\t\t<\/div>\n\t\t\t<\/div>\n\t\t<\/div><div class=\"ult_exp_content \" style=\"background-color:#ffffff;  \"><div class=\"ult_ecpsub_cont\" style=\" \" ><div id=\"advanced-tabs-desc-wrap-3864\" class=\"ult_tabs mad_advtabs4-1\" style=\" \" data-tabsstyle=\"style1\"\n data-titlebg=\"#ffffff\" data-titlecolor=\"#74777b\" data-fullheight=\"off\"\n data-titlehoverbg=\"#ffffff\" data-titlehovercolor=\"#b8c752\"\n data-rotatetabs=\"0\" data-responsivemode=\"Both\" data-animation=\"Slide\"\ndata-activetitle=\"#b8c752\" data-activeicon=\"\" data-activebg=\"#ffffff\"  data-respmode=\"Accordion\" data-respwidth=\"400\" data-scroll = \"on\" data-activeindex=\"1\"><ul id=advanced-tabs-wrap-9741 class=\"ult_tabmenu style1 \" style=\"\"><li class=\"ult_tab_li  \" data-iconcolor=\"#74777b\" data-iconhover=\"#ffffff\" style=\"background-color:#ffffff;border-color:transparent;border-width:0px;border-style:solid;border-top-left-radius:8px;\">\n\t\t\t\t\t<a href=\"#1684222516419-6\"  id=\"1684222516419-6\"  style=\"color:#74777b;;   \" class=\"ult_a  \">\n\t\t\t\t\t     <span class=\"ult_tab_main Both \">\n\t\t\t\t\t \t\t <span class=\"ult_tab_section\">\n\t\t\t\t\t   \t\t\t<span  data-ultimate-target='#advanced-tabs-wrap-9741 .ult-span-text'  data-responsive-json-new='{\"font-size\":\"desktop:15px;\",\"line-height\":\"\"}'  class=\"ult-span-text no_icon ult_tab_display_text ult-responsive\" style=\";\">Descripci\u00f3n<\/span>\n\t\t\t\t\t   \t\t<\/span>\n\t\t\t\t\t\t<\/span>\n\t\t\t\t\t<\/a>\n\t\t\t\t\t<\/li><li class=\"ult_tab_li  \" data-iconcolor=\"#74777b\" data-iconhover=\"#ffffff\" style=\"background-color:#ffffff;border-color:transparent;border-width:0px;border-style:solid;\">\n\t\t\t\t\t<a href=\"#1684222516449-2\"  id=\"1684222516449-2\"  style=\"color:#74777b;;   \" class=\"ult_a  \">\n\t\t\t\t\t     <span class=\"ult_tab_main Both \">\n\t\t\t\t\t \t\t <span class=\"ult_tab_section\">\n\t\t\t\t\t   \t\t\t<span  data-ultimate-target='#advanced-tabs-wrap-9741 .ult-span-text'  data-responsive-json-new='{\"font-size\":\"desktop:15px;\",\"line-height\":\"\"}'  class=\"ult-span-text no_icon ult_tab_display_text ult-responsive\" style=\";\">\u00c1reas de investigaci\u00f3n<\/span>\n\t\t\t\t\t   \t\t<\/span>\n\t\t\t\t\t\t<\/span>\n\t\t\t\t\t<\/a>\n\t\t\t\t\t<\/li><li class=\"ult_tab_li  \" data-iconcolor=\"#74777b\" data-iconhover=\"#ffffff\" style=\"background-color:#ffffff;border-color:transparent;border-width:0px;border-style:solid;\">\n\t\t\t\t\t<a href=\"#1684223137192-2-0\"  id=\"1684223137192-2-0\"  style=\"color:#74777b;;   \" class=\"ult_a  \">\n\t\t\t\t\t     <span class=\"ult_tab_main Both \">\n\t\t\t\t\t \t\t <span class=\"ult_tab_section\">\n\t\t\t\t\t   \t\t\t<span  data-ultimate-target='#advanced-tabs-wrap-9741 .ult-span-text'  data-responsive-json-new='{\"font-size\":\"desktop:15px;\",\"line-height\":\"\"}'  class=\"ult-span-text no_icon ult_tab_display_text ult-responsive\" style=\";\">Objetivos<\/span>\n\t\t\t\t\t   \t\t<\/span>\n\t\t\t\t\t\t<\/span>\n\t\t\t\t\t<\/a>\n\t\t\t\t\t<\/li><li class=\"ult_tab_li  \" data-iconcolor=\"#74777b\" data-iconhover=\"#ffffff\" style=\"background-color:#ffffff;border-color:transparent;border-width:0px;border-style:solid;border-top-right-radius:8px;\">\n\t\t\t\t\t<a href=\"#1684223149246-3-6\"  id=\"1684223149246-3-6\"  style=\"color:#74777b;;   \" class=\"ult_a  \">\n\t\t\t\t\t     <span class=\"ult_tab_main Both \">\n\t\t\t\t\t \t\t <span class=\"ult_tab_section\">\n\t\t\t\t\t   \t\t\t<span  data-ultimate-target='#advanced-tabs-wrap-9741 .ult-span-text'  data-responsive-json-new='{\"font-size\":\"desktop:15px;\",\"line-height\":\"\"}'  class=\"ult-span-text no_icon ult_tab_display_text ult-responsive\" style=\";\">Metodolog\u00eda<\/span>\n\t\t\t\t\t   \t\t<\/span>\n\t\t\t\t\t\t<\/span>\n\t\t\t\t\t<\/a>\n\t\t\t\t\t<\/li><\/ul><div  data-ultimate-target='#advanced-tabs-desc-wrap-3864 .ult_tabcontent .ult_tab_min_contain  p'  data-responsive-json-new='{\"font-size\":\"\",\"line-height\":\"\"}' class=\"ult_tabcontent ult-responsive style1\" style=\"color:#74777b;\"><div class=\"ult_tab_min_contain \" >\n\t\t\t<div  class=\"ult_tabitemname\"  >\n\t\t\t\t[vc_column_text css=&#8221;.vc_custom_1689249719232{padding-top: 30px !important;padding-right: 30px !important;padding-bottom: 30px !important;padding-left: 30px !important;background-color: #f4f4f4 !important;}&#8221; el_class=&#8221;text-justify&#8221;]En el Grupo de Investigaci\u00f3n Aplicada en Terapia Familiar, Trauma y Neurociencias, diferentes profesionales que trabajamos como psicoterapeutas familiares o individuales queremos contribuir al avance de la terapia familiar, la comprensi\u00f3n del trauma y la aplicaci\u00f3n de los conocimientos en neurociencias para mejorar la salud relacional y emocional de las personas y las familias.<\/p>\n<p>Trabajamos para generar y difundir conocimientos contrastados emp\u00edricamente que contribuyan al desarrollo de pr\u00e1cticas terap\u00e9uticas efectivas centradas en el bienestar de las familias y de las personas que han experimentado trauma. Nuestro enfoque integra la comprensi\u00f3n de los aspectos familiares, sociales, psicol\u00f3gicos y neurobiol\u00f3gicos relacionados con el trauma y su impacto en el funcionamiento familiar.[\/vc_column_text]\n\t\t\t<\/div>\n\t\t\t<div  class=\"ult_tabitemname\"  >\n\t\t\t\t[vc_column_text el_class=&#8221;mad_subtitulo-tab&#8221;]<\/p>\n<p style=\"text-align: left;\">+ <span style=\"color: #b8c752;\">Terapia Familiar<\/span><\/p>\n<p>[\/vc_column_text][vc_column_text css=&#8221;.vc_custom_1689249761821{padding-top: 30px !important;padding-right: 30px !important;padding-bottom: 30px !important;padding-left: 30px !important;background-color: #f4f4f4 !important;}&#8221; el_class=&#8221;text-justify&#8221;]Buscamos comprender c\u00f3mo la din\u00e1mica familiar influye en la salud mental de las personas integrantes y en la superaci\u00f3n de situaciones traum\u00e1ticas que promuevan la resiliencia y el bienestar familiar; estudiamos los efectos del trauma en los sistemas familiares y desarrollamos enfoques terap\u00e9uticos para promover la resiliencia y la recuperaci\u00f3n familiar despu\u00e9s de eventos traum\u00e1ticos; exploramos estrategias de intervenci\u00f3n centradas en desarrollar estrategias terap\u00e9uticas para la reconstrucci\u00f3n de enlaces y la mejora de la comunicaci\u00f3n familiar, as\u00ed como para promover la resiliencia y el bienestar familiar.[\/vc_column_text][vc_column_text el_class=&#8221;mad_subtitulo-tab&#8221;]<\/p>\n<p style=\"text-align: left;\">+ <span style=\"color: #b8c752;\">Trauma<\/span><\/p>\n<p>[\/vc_column_text][vc_column_text css=&#8221;.vc_custom_1689249772164{padding-top: 30px !important;padding-right: 30px !important;padding-bottom: 30px !important;padding-left: 30px !important;background-color: #f4f4f4 !important;}&#8221; el_class=&#8221;text-justify&#8221;]Estudiamos los efectos del trauma en las personas y en las relaciones familiares. Nos interesa comprender los procesos de recuperaci\u00f3n despu\u00e9s de experiencias traum\u00e1ticas y c\u00f3mo las personas miembros de la familia pueden apoyarse mutuamente en este proceso. Adem\u00e1s, exploramos estrategias de intervenci\u00f3n centradas en la reconstrucci\u00f3n de enlaces y la mejora de la comunicaci\u00f3n familiar para el tratamiento del trauma en un contexto familiar.[\/vc_column_text][vc_column_text el_class=&#8221;mad_subtitulo-tab&#8221;]<\/p>\n<p style=\"text-align: left;\">+ <span style=\"color: #b8c752;\">Neurociencias<\/span><\/p>\n<p>[\/vc_column_text][vc_column_text css=&#8221;.vc_custom_1689249790063{padding-top: 30px !important;padding-right: 30px !important;padding-bottom: 30px !important;padding-left: 30px !important;background-color: #f4f4f4 !important;}&#8221; el_class=&#8221;text-justify&#8221;]Apoyamos los avances en neurociencias para estudiar los mecanismos subyacentes a los trastornos relacionados con el trauma y las din\u00e1micas familiares. Estudiamos los mecanismos neurobiol\u00f3gicos involucrados en la respuesta al trauma y su impacto en el funcionamiento cerebral (la plasticidad cerebral, los procesos de regulaci\u00f3n emocional y las implicaciones de la epigen\u00e9tica en la transmisi\u00f3n intergeneracional del trauma). Revisamos estudios basados en evidencias neurocient\u00edficas que est\u00e1n utilizando t\u00e9cnicas de neuroimagen y an\u00e1lisis psicofisiol\u00f3gicos para comprender los cambios neurobiol\u00f3gicos asociados con el trauma y su relevancia para el tratamiento terap\u00e9utico.[\/vc_column_text][vc_column_text el_class=&#8221;mad_subtitulo-tab&#8221;]<\/p>\n<p style=\"text-align: left;\">+ <span style=\"color: #b8c752;\">Intervenciones basadas en la evidencia<\/span><\/p>\n<p>[\/vc_column_text][vc_column_text css=&#8221;.vc_custom_1689249811615{padding-top: 30px !important;padding-right: 30px !important;padding-bottom: 30px !important;padding-left: 30px !important;background-color: #f4f4f4 !important;}&#8221; el_class=&#8221;text-justify&#8221;]Las intervenciones terap\u00e9uticas existentes y desarrollar nuevas estrategias basadas en la complementaci\u00f3n de distintos modelos terap\u00e9uticos para el abordaje de la terapia familiar y el trauma. Nuestro objetivo es contrastar la investigaci\u00f3n cient\u00edfica a la que podamos tener acceso con nuestra pr\u00e1ctica emp\u00edrica y poder traducir este trabajo en pr\u00e1cticas terap\u00e9uticas efectivas y accesibles.[\/vc_column_text]\n\t\t\t<\/div>\n\t\t\t<div  class=\"ult_tabitemname\"  >\n\t\t\t\t[vc_column_text css=&#8221;.vc_custom_1689249874622{padding-top: 30px !important;padding-right: 30px !important;padding-bottom: 30px !important;background-color: #f4f4f4 !important;}&#8221; el_class=&#8221;desplegable_puntos text-justify&#8221;]<\/p>\n<ul>\n<li>Contribuir al conocimiento de c\u00f3mo abordar el malestar individual en familia y el malestar familiar compaginando los modelos terap\u00e9uticos de la terapia familiar socioeducativa, el reprocesamiento del trauma y la neurociencia aplicada en el contexto terap\u00e9utico.<\/li>\n<li>Desarrollar intervenciones terap\u00e9uticas efectivas basadas en la evidencia para familias que han experimentado trauma.<\/li>\n<li>Promover la formaci\u00f3n y capacitaci\u00f3n de terapeutas familiares en el abordaje del trauma y las din\u00e1micas familiares que \u00e9ste genera.<\/li>\n<li>Colaborar con otros grupos de investigaci\u00f3n, cl\u00ednicas y organizaciones para impulsar la aplicaci\u00f3n pr\u00e1ctica de nuestros hallazgos.<\/li>\n<\/ul>\n<p>[\/vc_column_text]\n\t\t\t<\/div>\n\t\t\t<div  class=\"ult_tabitemname\"  >\n\t\t\t\t[vc_column_text css=&#8221;.vc_custom_1689249889888{padding-top: 30px !important;padding-right: 30px !important;padding-bottom: 30px !important;padding-left: 30px !important;background-color: #f4f4f4 !important;}&#8221; el_class=&#8221;text-justify&#8221;]Nuestro grupo de investigaci\u00f3n utiliza un enfoque multidisciplinar que combina m\u00e9todos cuantitativos y cualitativos. Utilizamos t\u00e9cnicas de investigaci\u00f3n como revisi\u00f3n bibliogr\u00e1fica, entrevistas, encuestas, an\u00e1lisis de contenido, observaci\u00f3n de interacciones familiares y an\u00e1lisis de datos de genogramas familiares y evaluaci\u00f3n de intervenciones terap\u00e9uticas.[\/vc_column_text]\n\t\t\t<\/div><\/div><\/div><\/div><div class=\"ult_acord advanced-tabs-desc-wrap-3864\">\n   <div class=\"ult-tabto-accordion \" style=\"width:;\"\n    data-titlecolor=\"#74777b\"  data-titlebg=\"#ffffff\"\n     data-titlehoverbg=\"#ffffff\" data-titlehovercolor=\"#b8c752\" data-animation=\"Slide\"\n     data-activetitle=\"#b8c752\" data-activeicon=\"\" data-activebg=\"#ffffff\" data-scroll = \"on\" data-activeindex=\"1\" >\n     <dl><dt class=\"\">\n\t        \t<a class=\"ult-tabto-actitle withBorder ult_a \" id=\"1684222516419-6\" style=\"color:#74777b;;background-color:#ffffff;border-bottom-color:transparent;border-bottom-width:0px;border-bottom-style:solid;\" href=\"#1684222516419-6\">\n\t        \t\t<i class=\"accordion-icon\"><\/i>\n\t        \t\t\t<span class=\"ult_tab_main ult_ac_main ult_noacordicnBoth\">\n\n\t\t\t\t\t\t<span  data-ultimate-target='#advanced-tabs-wrap-9741 .ult-span-text'  data-responsive-json-new='{\"font-size\":\"desktop:15px;\",\"line-height\":\"\"}'  class=\"ult-span-text no_icon ult_acordian-text ult-responsive\" style=\";color:inherit \" >Descripci\u00f3n<\/span>\n\t\t\t\t\t\t<\/span><\/a><\/dt>\n\t            \t\t<dd class=\"ult-tabto-accordionItem ult-tabto-accolapsed\">\n\t\t\t\t            <div class=\"ult-tabto-acontent\" style=\"color:#74777b;\">\n\t\t\t\t               [vc_column_text css=&#8221;.vc_custom_1689249719232{padding-top: 30px !important;padding-right: 30px !important;padding-bottom: 30px !important;padding-left: 30px !important;background-color: #f4f4f4 !important;}&#8221; el_class=&#8221;text-justify&#8221;]En el Grupo de Investigaci\u00f3n Aplicada en Terapia Familiar, Trauma y Neurociencias, diferentes profesionales que trabajamos como psicoterapeutas familiares o individuales queremos contribuir al avance de la terapia familiar, la comprensi\u00f3n del trauma y la aplicaci\u00f3n de los conocimientos en neurociencias para mejorar la salud relacional y emocional de las personas y las familias.<\/p>\n<p>Trabajamos para generar y difundir conocimientos contrastados emp\u00edricamente que contribuyan al desarrollo de pr\u00e1cticas terap\u00e9uticas efectivas centradas en el bienestar de las familias y de las personas que han experimentado trauma. Nuestro enfoque integra la comprensi\u00f3n de los aspectos familiares, sociales, psicol\u00f3gicos y neurobiol\u00f3gicos relacionados con el trauma y su impacto en el funcionamiento familiar.[\/vc_column_text]\n\t\t\t\t            <\/div>\n\t        \t\t\t<\/dd><dt class=\"\">\n\t        \t<a class=\"ult-tabto-actitle withBorder ult_a \" id=\"1684222516449-2\" style=\"color:#74777b;;background-color:#ffffff;border-bottom-color:transparent;border-bottom-width:0px;border-bottom-style:solid;border-bottom-color:transparent;border-bottom-width:0px;border-bottom-style:solid;\" href=\"#1684222516449-2\">\n\t        \t\t<i class=\"accordion-icon\"><\/i>\n\t        \t\t\t<span class=\"ult_tab_main ult_ac_main ult_noacordicnBoth\">\n\n\t\t\t\t\t\t<span  data-ultimate-target='#advanced-tabs-wrap-9741 .ult-span-text'  data-responsive-json-new='{\"font-size\":\"desktop:15px;\",\"line-height\":\"\"}'  class=\"ult-span-text no_icon ult_acordian-text ult-responsive\" style=\";color:inherit \" >\u00c1reas de investigaci\u00f3n<\/span>\n\t\t\t\t\t\t<\/span><\/a><\/dt>\n\t            \t\t<dd class=\"ult-tabto-accordionItem ult-tabto-accolapsed\">\n\t\t\t\t            <div class=\"ult-tabto-acontent\" style=\"color:#74777b;\">\n\t\t\t\t               [vc_column_text el_class=&#8221;mad_subtitulo-tab&#8221;]<\/p>\n<p style=\"text-align: left;\">+ <span style=\"color: #b8c752;\">Terapia Familiar<\/span><\/p>\n<p>[\/vc_column_text][vc_column_text css=&#8221;.vc_custom_1689249761821{padding-top: 30px !important;padding-right: 30px !important;padding-bottom: 30px !important;padding-left: 30px !important;background-color: #f4f4f4 !important;}&#8221; el_class=&#8221;text-justify&#8221;]Buscamos comprender c\u00f3mo la din\u00e1mica familiar influye en la salud mental de las personas integrantes y en la superaci\u00f3n de situaciones traum\u00e1ticas que promuevan la resiliencia y el bienestar familiar; estudiamos los efectos del trauma en los sistemas familiares y desarrollamos enfoques terap\u00e9uticos para promover la resiliencia y la recuperaci\u00f3n familiar despu\u00e9s de eventos traum\u00e1ticos; exploramos estrategias de intervenci\u00f3n centradas en desarrollar estrategias terap\u00e9uticas para la reconstrucci\u00f3n de enlaces y la mejora de la comunicaci\u00f3n familiar, as\u00ed como para promover la resiliencia y el bienestar familiar.[\/vc_column_text][vc_column_text el_class=&#8221;mad_subtitulo-tab&#8221;]<\/p>\n<p style=\"text-align: left;\">+ <span style=\"color: #b8c752;\">Trauma<\/span><\/p>\n<p>[\/vc_column_text][vc_column_text css=&#8221;.vc_custom_1689249772164{padding-top: 30px !important;padding-right: 30px !important;padding-bottom: 30px !important;padding-left: 30px !important;background-color: #f4f4f4 !important;}&#8221; el_class=&#8221;text-justify&#8221;]Estudiamos los efectos del trauma en las personas y en las relaciones familiares. Nos interesa comprender los procesos de recuperaci\u00f3n despu\u00e9s de experiencias traum\u00e1ticas y c\u00f3mo las personas miembros de la familia pueden apoyarse mutuamente en este proceso. Adem\u00e1s, exploramos estrategias de intervenci\u00f3n centradas en la reconstrucci\u00f3n de enlaces y la mejora de la comunicaci\u00f3n familiar para el tratamiento del trauma en un contexto familiar.[\/vc_column_text][vc_column_text el_class=&#8221;mad_subtitulo-tab&#8221;]<\/p>\n<p style=\"text-align: left;\">+ <span style=\"color: #b8c752;\">Neurociencias<\/span><\/p>\n<p>[\/vc_column_text][vc_column_text css=&#8221;.vc_custom_1689249790063{padding-top: 30px !important;padding-right: 30px !important;padding-bottom: 30px !important;padding-left: 30px !important;background-color: #f4f4f4 !important;}&#8221; el_class=&#8221;text-justify&#8221;]Apoyamos los avances en neurociencias para estudiar los mecanismos subyacentes a los trastornos relacionados con el trauma y las din\u00e1micas familiares. Estudiamos los mecanismos neurobiol\u00f3gicos involucrados en la respuesta al trauma y su impacto en el funcionamiento cerebral (la plasticidad cerebral, los procesos de regulaci\u00f3n emocional y las implicaciones de la epigen\u00e9tica en la transmisi\u00f3n intergeneracional del trauma). Revisamos estudios basados en evidencias neurocient\u00edficas que est\u00e1n utilizando t\u00e9cnicas de neuroimagen y an\u00e1lisis psicofisiol\u00f3gicos para comprender los cambios neurobiol\u00f3gicos asociados con el trauma y su relevancia para el tratamiento terap\u00e9utico.[\/vc_column_text][vc_column_text el_class=&#8221;mad_subtitulo-tab&#8221;]<\/p>\n<p style=\"text-align: left;\">+ <span style=\"color: #b8c752;\">Intervenciones basadas en la evidencia<\/span><\/p>\n<p>[\/vc_column_text][vc_column_text css=&#8221;.vc_custom_1689249811615{padding-top: 30px !important;padding-right: 30px !important;padding-bottom: 30px !important;padding-left: 30px !important;background-color: #f4f4f4 !important;}&#8221; el_class=&#8221;text-justify&#8221;]Las intervenciones terap\u00e9uticas existentes y desarrollar nuevas estrategias basadas en la complementaci\u00f3n de distintos modelos terap\u00e9uticos para el abordaje de la terapia familiar y el trauma. Nuestro objetivo es contrastar la investigaci\u00f3n cient\u00edfica a la que podamos tener acceso con nuestra pr\u00e1ctica emp\u00edrica y poder traducir este trabajo en pr\u00e1cticas terap\u00e9uticas efectivas y accesibles.[\/vc_column_text]\n\t\t\t\t            <\/div>\n\t        \t\t\t<\/dd><dt class=\"\">\n\t        \t<a class=\"ult-tabto-actitle withBorder ult_a \" id=\"1684223137192-2-0\" style=\"color:#74777b;;background-color:#ffffff;border-bottom-color:transparent;border-bottom-width:0px;border-bottom-style:solid;border-bottom-color:transparent;border-bottom-width:0px;border-bottom-style:solid;border-bottom-color:transparent;border-bottom-width:0px;border-bottom-style:solid;\" href=\"#1684223137192-2-0\">\n\t        \t\t<i class=\"accordion-icon\"><\/i>\n\t        \t\t\t<span class=\"ult_tab_main ult_ac_main ult_noacordicnBoth\">\n\n\t\t\t\t\t\t<span  data-ultimate-target='#advanced-tabs-wrap-9741 .ult-span-text'  data-responsive-json-new='{\"font-size\":\"desktop:15px;\",\"line-height\":\"\"}'  class=\"ult-span-text no_icon ult_acordian-text ult-responsive\" style=\";color:inherit \" >Objetivos<\/span>\n\t\t\t\t\t\t<\/span><\/a><\/dt>\n\t            \t\t<dd class=\"ult-tabto-accordionItem ult-tabto-accolapsed\">\n\t\t\t\t            <div class=\"ult-tabto-acontent\" style=\"color:#74777b;\">\n\t\t\t\t               [vc_column_text css=&#8221;.vc_custom_1689249874622{padding-top: 30px !important;padding-right: 30px !important;padding-bottom: 30px !important;background-color: #f4f4f4 !important;}&#8221; el_class=&#8221;desplegable_puntos text-justify&#8221;]<\/p>\n<ul>\n<li>Contribuir al conocimiento de c\u00f3mo abordar el malestar individual en familia y el malestar familiar compaginando los modelos terap\u00e9uticos de la terapia familiar socioeducativa, el reprocesamiento del trauma y la neurociencia aplicada en el contexto terap\u00e9utico.<\/li>\n<li>Desarrollar intervenciones terap\u00e9uticas efectivas basadas en la evidencia para familias que han experimentado trauma.<\/li>\n<li>Promover la formaci\u00f3n y capacitaci\u00f3n de terapeutas familiares en el abordaje del trauma y las din\u00e1micas familiares que \u00e9ste genera.<\/li>\n<li>Colaborar con otros grupos de investigaci\u00f3n, cl\u00ednicas y organizaciones para impulsar la aplicaci\u00f3n pr\u00e1ctica de nuestros hallazgos.<\/li>\n<\/ul>\n<p>[\/vc_column_text]\n\t\t\t\t            <\/div>\n\t        \t\t\t<\/dd><dt class=\"\">\n\t        \t<a class=\"ult-tabto-actitle withBorder ult_a \" id=\"1684223149246-3-6\" style=\"color:#74777b;;background-color:#ffffff;border-bottom-color:transparent;border-bottom-width:0px;border-bottom-style:solid;border-bottom-color:transparent;border-bottom-width:0px;border-bottom-style:solid;border-bottom-color:transparent;border-bottom-width:0px;border-bottom-style:solid;border-bottom-color:transparent;border-bottom-width:0px;border-bottom-style:solid;\" href=\"#1684223149246-3-6\">\n\t        \t\t<i class=\"accordion-icon\"><\/i>\n\t        \t\t\t<span class=\"ult_tab_main ult_ac_main ult_noacordicnBoth\">\n\n\t\t\t\t\t\t<span  data-ultimate-target='#advanced-tabs-wrap-9741 .ult-span-text'  data-responsive-json-new='{\"font-size\":\"desktop:15px;\",\"line-height\":\"\"}'  class=\"ult-span-text no_icon ult_acordian-text ult-responsive\" style=\";color:inherit \" >Metodolog\u00eda<\/span>\n\t\t\t\t\t\t<\/span><\/a><\/dt>\n\t            \t\t<dd class=\"ult-tabto-accordionItem ult-tabto-accolapsed\">\n\t\t\t\t            <div class=\"ult-tabto-acontent\" style=\"color:#74777b;\">\n\t\t\t\t               [vc_column_text css=&#8221;.vc_custom_1689249889888{padding-top: 30px !important;padding-right: 30px !important;padding-bottom: 30px !important;padding-left: 30px !important;background-color: #f4f4f4 !important;}&#8221; el_class=&#8221;text-justify&#8221;]Nuestro grupo de investigaci\u00f3n utiliza un enfoque multidisciplinar que combina m\u00e9todos cuantitativos y cualitativos. Utilizamos t\u00e9cnicas de investigaci\u00f3n como revisi\u00f3n bibliogr\u00e1fica, entrevistas, encuestas, an\u00e1lisis de contenido, observaci\u00f3n de interacciones familiares y an\u00e1lisis de datos de genogramas familiares y evaluaci\u00f3n de intervenciones terap\u00e9uticas.[\/vc_column_text]\n\t\t\t\t            <\/div>\n\t        \t\t\t<\/dd>\n    \t<\/dl>\n    <!--<div class=\"extraborder\" style=\"background-color:#ffffff\"><\/div>-->\n<\/div>\n\n<\/div><\/div><\/div>\n\n\t\t\t<\/div><div class=\"ult_exp_section_layer ult-adjust-bottom-margin mad_desplegable-1\" >\n\t\t<div id=\"uvc-exp-wrap-8631\" role=\"button\" tabindex=\"0\" aria-pressed=\"false\"  data-ultimate-target='#uvc-exp-wrap-8631'  data-responsive-json-new='{\"font-size\":\"desktop:16px;\",\"line-height\":\"desktop:20px;\"}'  class=\"ult_exp_section  ult-responsive \" style=\"color:#b8c752;background-color:#ffffff; font-weight:normal;  text-align:left;\" data-textcolor=\"#b8c752\"data-texthover=\"#b8c752\"data-icncolor=\"#333333\"data-ihover=\"#333333\"data-height=\"0\"data-cntbg=\"#ffffff\"data-cnthvrbg=\"#f4f4f4\"data-headerbg=\"#ffffff\"data-headerhover=\"#f4f4f4\"data-title=\"Proyecto PAGE\"data-newtitle=\"Proyecto PAGE\"data-icon=\"Defaults-plus\"data-newicon=\"Defaults-minus\"data-activeicon=\"#333333\"data-effect=\"slideToggle\"data-override=\"0\"data-activetitle=\"#b8c752\"data-activebg=\"#ffffff\"data-img=\"\"data-newimg=\"\"><div class=\"ult_exp_section-main ult_expleft_icon\">\t<div class=\"ult-just-icon-wrapper ult_exp_icon\">\n\t\t\t\t\t<div class=\"align-icon \">\n\t\t\t\t\t\t\n<span class=\"aio-icon  none  ult_expsection_icon \"  style=\"color:#333333;font-size:15px;\">\n\t<i class=\"Defaults-plus ult_ex_icon\"  ><\/i>\n<\/span>\n\t\t\t\t\t<\/div>\n\t\t\t\t<\/div>\n\t\t\t\t<div class=\"ult_expheader\" >Proyecto PAGE\n\t\t\t\t<\/div>\n\t\t\t<\/div>\n\t\t<\/div><div class=\"ult_exp_content \" style=\"background-color:#ffffff;  \"><div class=\"ult_ecpsub_cont\" style=\" \" >[vc_column_text css=&#8221;.vc_custom_1689249934402{padding-top: 40px !important;padding-right: 40px !important;padding-bottom: 40px !important;padding-left: 40px !important;background-color: #f4f4f4 !important;}&#8221; el_class=&#8221;text-justify&#8221;]El proyecto PAGE tiene por objetivo la promoci\u00f3n de una crianza positiva mediante la educaci\u00f3n a padres, madres, hijos e hijas. Para su elaboraci\u00f3n ha contado con la participaci\u00f3n de entidades especializadas y universidades europeas, que han compartido formas de trabajo, ideas, m\u00e9todos y pr\u00e1cticas en el campo de la crianza positiva.<\/p>\n<div class=\"btn-recerca\"><a href=\"https:\/\/itinere.eduvic.coop\/wp-content\/uploads\/2023\/05\/PROJECTE-PAGE.pdf\" target=\"_blank\" rel=\"noopener\">PDF<\/a><\/div>\n<p>[\/vc_column_text]<\/div><\/div>\n\n\t\t\t<\/div><div class=\"ult_exp_section_layer ult-adjust-bottom-margin mad_desplegable-1\" >\n\t\t<div id=\"uvc-exp-wrap-3926\" role=\"button\" tabindex=\"0\" aria-pressed=\"false\"  data-ultimate-target='#uvc-exp-wrap-3926'  data-responsive-json-new='{\"font-size\":\"desktop:16px;\",\"line-height\":\"desktop:20px;\"}'  class=\"ult_exp_section  ult-responsive \" style=\"color:#b8c752;background-color:#ffffff; font-weight:normal;  text-align:left;\" data-textcolor=\"#b8c752\"data-texthover=\"#b8c752\"data-icncolor=\"#333333\"data-ihover=\"#333333\"data-height=\"0\"data-cntbg=\"#ffffff\"data-cnthvrbg=\"#f4f4f4\"data-headerbg=\"#ffffff\"data-headerhover=\"#f4f4f4\"data-title=\"Proyecto CapeVFair\"data-newtitle=\"Proyecto CapeVFair\"data-icon=\"Defaults-plus\"data-newicon=\"Defaults-minus\"data-activeicon=\"#333333\"data-effect=\"slideToggle\"data-override=\"0\"data-activetitle=\"#b8c752\"data-activebg=\"#ffffff\"data-img=\"\"data-newimg=\"\"><div class=\"ult_exp_section-main ult_expleft_icon\">\t<div class=\"ult-just-icon-wrapper ult_exp_icon\">\n\t\t\t\t\t<div class=\"align-icon \">\n\t\t\t\t\t\t\n<span class=\"aio-icon  none  ult_expsection_icon \"  style=\"color:#333333;font-size:15px;\">\n\t<i class=\"Defaults-plus ult_ex_icon\"  ><\/i>\n<\/span>\n\t\t\t\t\t<\/div>\n\t\t\t\t<\/div>\n\t\t\t\t<div class=\"ult_expheader\" >Proyecto CapeVFair\n\t\t\t\t<\/div>\n\t\t\t<\/div>\n\t\t<\/div><div class=\"ult_exp_content \" style=\"background-color:#ffffff;  \"><div class=\"ult_ecpsub_cont\" style=\" \" >[vc_column_text css=&#8221;.vc_custom_1689249948580{padding-top: 40px !important;padding-right: 40px !important;padding-bottom: 40px !important;padding-left: 40px !important;background-color: #f4f4f4 !important;}&#8221; el_class=&#8221;text-justify&#8221;]El proyecto CapeVfair da continuidad a la colaboraci\u00f3n establecida entre las personas participantes europeas de PAGE, profundizando en el objetivo espec\u00edfico de elaborar un marco conceptual para la formaci\u00f3n y sensibilizaci\u00f3n de las personas profesionales sobre el apoyo espec\u00edfico a mujeres vulnerables que est\u00e1n embarazadas o con hijos\/as peque\u00f1os\/as.<\/p>\n<div class=\"btn-recerca\"><a href=\"https:\/\/itinere.eduvic.coop\/wp-content\/uploads\/2023\/05\/PROJECTE-CAPVFAIR-COMPLET.pdf\" target=\"_blank\" rel=\"noopener\">PDF<\/a><\/div>\n<p>[\/vc_column_text]<\/div><\/div>\n\n\t\t\t<\/div><div class=\"ult_exp_section_layer ult-adjust-bottom-margin mad_desplegable-1\" >\n\t\t<div id=\"uvc-exp-wrap-7462\" role=\"button\" tabindex=\"0\" aria-pressed=\"false\"  data-ultimate-target='#uvc-exp-wrap-7462'  data-responsive-json-new='{\"font-size\":\"desktop:16px;\",\"line-height\":\"desktop:20px;\"}'  class=\"ult_exp_section  ult-responsive \" style=\"color:#b8c752;background-color:#ffffff; font-weight:normal;  text-align:left;\" data-textcolor=\"#b8c752\"data-texthover=\"#b8c752\"data-icncolor=\"#333333\"data-ihover=\"#333333\"data-height=\"0\"data-cntbg=\"#ffffff\"data-cnthvrbg=\"#f4f4f4\"data-headerbg=\"#ffffff\"data-headerhover=\"#f4f4f4\"data-title=\"Hedera Erasmus+\"data-newtitle=\"Hedera Erasmus+\"data-icon=\"Defaults-plus\"data-newicon=\"Defaults-minus\"data-activeicon=\"#333333\"data-effect=\"slideToggle\"data-override=\"0\"data-activetitle=\"#b8c752\"data-activebg=\"#ffffff\"data-img=\"\"data-newimg=\"\"><div class=\"ult_exp_section-main ult_expleft_icon\">\t<div class=\"ult-just-icon-wrapper ult_exp_icon\">\n\t\t\t\t\t<div class=\"align-icon \">\n\t\t\t\t\t\t\n<span class=\"aio-icon  none  ult_expsection_icon \"  style=\"color:#333333;font-size:15px;\">\n\t<i class=\"Defaults-plus ult_ex_icon\"  ><\/i>\n<\/span>\n\t\t\t\t\t<\/div>\n\t\t\t\t<\/div>\n\t\t\t\t<div class=\"ult_expheader\" >Hedera Erasmus+\n\t\t\t\t<\/div>\n\t\t\t<\/div>\n\t\t<\/div><div class=\"ult_exp_content \" style=\"background-color:#ffffff;  \"><div class=\"ult_ecpsub_cont\" style=\" \" >[vc_column_text css=&#8221;.vc_custom_1762505537314{padding-top: 40px !important;padding-right: 40px !important;padding-bottom: 40px !important;padding-left: 40px !important;background-color: #f4f4f4 !important;}&#8221; el_class=&#8221;text-justify&#8221;]Hedera es un proyecto pionero cofinanciado por el programa Erasmus+ y dedicado a innovar en el \u00e1mbito de la terapia familiar a domicilio. A trav\u00e9s de la colaboraci\u00f3n de seis entidades del \u00e1mbito de la acci\u00f3n social, este proyecto europeo busca establecer un modelo innovador que sirva como referencia para mejorar tanto el desarrollo profesional como la calidad de estas intervenciones familiares.<\/p>\n<div class=\"btn-recerca\"><a href=\"https:\/\/hederaerasmus.com\/\" target=\"_blank\" rel=\"noopener\">Descubre m\u00e1s en su p\u00e1gina web<\/a><\/div>\n<p>[\/vc_column_text][vc_row_inner][vc_column_inner width=&#8221;1\/2&#8243;][vc_single_image image=&#8221;11061&#8243; img_size=&#8221;200&#215;150&#8243; css=&#8221;&#8221;][\/vc_column_inner][vc_column_inner width=&#8221;1\/2&#8243;][vc_single_image image=&#8221;11059&#8243; img_size=&#8221;medium&#8221; css=&#8221;&#8221;][\/vc_column_inner][\/vc_row_inner]<\/div><\/div>\n\n\t\t\t<\/div>[\/vc_column][\/vc_row][\/vc_section][vc_section][vc_row][vc_column][vc_column_text el_class=&#8221;mad_btn-2&#8243;]Metodolog\u00eda[\/vc_column_text][vc_column_text el_class=&#8221;text-justify&#8221;]Aunque la metodolog\u00eda puede variar de un proyecto a otro seg\u00fan las necesidades, EDUVIC \u00b7 Escuela Itinere apuesta por <strong>ofrecer un espacio<\/strong>\u00a0donde se puedan desarrollar de manera igualitaria los <strong>oles de persona investigadora-participante<\/strong>. As\u00ed pues, se fomentan las <span style=\"color: #b8c752;\">relaciones de colaboraci\u00f3n<\/span>, se asegura que se incluya la voz de los colectivos menos escuchados y se incrementen las fortalezas de las personas y las familias participantes. Para que la investigaci\u00f3n-acci\u00f3n sea efectiva, se necesita la <span style=\"color: #b8c752;\">implicaci\u00f3n<\/span> tanto de la entidad como de las personas profesionales y las familias atendidas.[\/vc_column_text][\/vc_column][\/vc_row][\/vc_section][vc_section el_id=&#8221;escola-acordeon&#8221;][vc_row][vc_column][vc_empty_space][vc_column_text el_class=&#8221;mad_btn-2&#8243;]Tipolog\u00eda[\/vc_column_text][\/vc_column][\/vc_row][vc_row][vc_column width=&#8221;1\/2&#8243;]<div class=\"ult_exp_section_layer ult-adjust-bottom-margin mad_desplegable-2\" >\n\t\t<div id=\"uvc-exp-wrap-4517\" role=\"button\" tabindex=\"0\" aria-pressed=\"false\"  data-ultimate-target='#uvc-exp-wrap-4517'  data-responsive-json-new='{\"font-size\":\"desktop:16px;\",\"line-height\":\"desktop:20px;\"}'  class=\"ult_exp_section  ult-responsive \" style=\"color:#b8c752;background-color:#ffffff; font-weight:normal;  text-align:left;\" data-textcolor=\"#b8c752\"data-texthover=\"#b8c752\"data-icncolor=\"#c7c7c7\"data-ihover=\"#c7c7c7\"data-height=\"0\"data-cntbg=\"#ffffff\"data-cnthvrbg=\"#f4f4f4\"data-headerbg=\"#ffffff\"data-headerhover=\"#f4f4f4\"data-title=\"Investigaci\u00f3n como servicios y entidades\"data-newtitle=\"Investigaci\u00f3n como servicios y entidades\"data-icon=\"Defaults-plus\"data-newicon=\"Defaults-minus\"data-activeicon=\"#c7c7c7\"data-effect=\"slideToggle\"data-override=\"0\"data-activetitle=\"#b8c752\"data-activebg=\"#ffffff\"data-img=\"\"data-newimg=\"\"><div class=\"ult_exp_section-main ult_expleft_icon\">\t<div class=\"ult-just-icon-wrapper ult_exp_icon\">\n\t\t\t\t\t<div class=\"align-icon \">\n\t\t\t\t\t\t\n<span class=\"aio-icon  none  ult_expsection_icon \"  style=\"color:#c7c7c7;font-size:15px;\">\n\t<i class=\"Defaults-plus ult_ex_icon\"  ><\/i>\n<\/span>\n\t\t\t\t\t<\/div>\n\t\t\t\t<\/div>\n\t\t\t\t<div class=\"ult_expheader\" >Investigaci\u00f3n como servicios y entidades\n\t\t\t\t<\/div>\n\t\t\t<\/div>\n\t\t<\/div><div class=\"ult_exp_content \" style=\"background-color:rgba(255,255,255,0.01);  \"><div class=\"ult_ecpsub_cont\" style=\" \" >[vc_column_text el_class=&#8221;text-justify&#8221;]<\/p>\n<p align=\"JUSTIFY\">EDUVIC \u00b7 Escuela Itinere est\u00e1 abierta a colaborar con empresas, instituciones y universidades aportando el conocimiento que nace de la praxis profesional y poniendo a disposici\u00f3n de estos organismos los servicios gestionados por la cooperativa EDUVIC como campo de investigaci\u00f3n.<\/p>\n<p>[\/vc_column_text]<\/div><\/div>\n\n\t\t\t<\/div>[\/vc_column][vc_column width=&#8221;1\/2&#8243;]<div class=\"ult_exp_section_layer ult-adjust-bottom-margin mad_desplegable-2\" >\n\t\t<div id=\"uvc-exp-wrap-8452\" role=\"button\" tabindex=\"0\" aria-pressed=\"false\"  data-ultimate-target='#uvc-exp-wrap-8452'  data-responsive-json-new='{\"font-size\":\"desktop:16px;\",\"line-height\":\"desktop:20px;\"}'  class=\"ult_exp_section  ult-responsive \" style=\"color:#b8c752;background-color:#ffffff; font-weight:normal;  text-align:left;\" data-textcolor=\"#b8c752\"data-texthover=\"#b8c752\"data-icncolor=\"#c7c7c7\"data-ihover=\"#c7c7c7\"data-height=\"0\"data-cntbg=\"#ffffff\"data-cnthvrbg=\"#f4f4f4\"data-headerbg=\"#ffffff\"data-headerhover=\"#f4f4f4\"data-title=\"Investigaci\u00f3n dentro de las formaciones Itinere\"data-newtitle=\"Investigaci\u00f3n dentro de las formaciones Itinere\"data-icon=\"Defaults-plus\"data-newicon=\"Defaults-minus\"data-activeicon=\"#c7c7c7\"data-effect=\"slideToggle\"data-override=\"0\"data-activetitle=\"#b8c752\"data-activebg=\"#ffffff\"data-img=\"\"data-newimg=\"\"><div class=\"ult_exp_section-main ult_expleft_icon\">\t<div class=\"ult-just-icon-wrapper ult_exp_icon\">\n\t\t\t\t\t<div class=\"align-icon \">\n\t\t\t\t\t\t\n<span class=\"aio-icon  none  ult_expsection_icon \"  style=\"color:#c7c7c7;font-size:15px;\">\n\t<i class=\"Defaults-plus ult_ex_icon\"  ><\/i>\n<\/span>\n\t\t\t\t\t<\/div>\n\t\t\t\t<\/div>\n\t\t\t\t<div class=\"ult_expheader\" >Investigaci\u00f3n dentro de las formaciones Itinere\n\t\t\t\t<\/div>\n\t\t\t<\/div>\n\t\t<\/div><div class=\"ult_exp_content \" style=\"background-color:#ffffff;  \"><div class=\"ult_ecpsub_cont\" style=\" \" >[vc_column_text el_class=&#8221;text-justify&#8221;]La investigaci\u00f3n est\u00e1 prevista en las formaciones de larga duraci\u00f3n, como los m\u00e1steres o los posgrados. Se convierte en un importante \u00e1mbito de capacitaci\u00f3n profesional en la etapa final de estas formaciones. Puede tomar diferentes formas:<\/p>\n<ul>\n<li>Apoyo a proyectos de investigaci\u00f3n en curso o externos<\/li>\n<li>B\u00fasqueda preliminar respecto a una problem\u00e1tica ya detectada<\/li>\n<li>Investigaci\u00f3n a partir de la detecci\u00f3n de una nueva necesidad o problem\u00e1tica<\/li>\n<\/ul>\n<p>[\/vc_column_text]<\/div><\/div>\n\n\t\t\t<\/div>[\/vc_column][\/vc_row][\/vc_section]<\/p>\n<\/div>","protected":false},"excerpt":{"rendered":"<p>[vc_section][vc_row full_width=&#8221;stretch_row&#8221; css=&#8221;.vc_custom_1684832257827{background-image: url(https:\/\/itinere.eduvic.coop\/wp-content\/uploads\/2023\/05\/recerca-1-tiny-scaled.jpg?id=7720) !important;background-position: center !important;background-repeat: no-repeat !important;background-size: cover !important;}&#8221; el_id=&#8221;header-recerca&#8221; el_class=&#8221;header-page&#8221;][vc_column][vc_empty_space height=&#8221;50px&#8221;][vc_column_text] Investigaci\u00f3n [\/vc_column_text][vc_empty_space height=&#8221;50px&#8221;][\/vc_column][\/vc_row][\/vc_section][vc_section][vc_row][vc_column][vc_empty_space height=&#8221;20px&#8221;][vc_column_text el_class=&#8221;mad_btn-2&#8243;]\u00bfQu\u00e9 hacemos?[\/vc_column_text][vc_column_text css=&#8221;&#8221; el_class=&#8221;text-justify&#8221;]Nos comprometemos con la creaci\u00f3n de conocimiento. Por esta raz\u00f3n, EDUVIC \u00b7 Itinere es tambi\u00e9n un centro de investigaci\u00f3n aplicada basada en el m\u00e9todo de la investigaci\u00f3n-acci\u00f3n desde la pr\u00e1ctica reflexiva. En este sentido, la Escuela dispone del \u00c1rea &#8230; <\/p>\n<p class=\"read-more-container\"><a title=\"Investigaci\u00f3n\" class=\"read-more button\" href=\"https:\/\/itinere.eduvic.coop\/es\/investigacion\/#more-8427\" aria-label=\"Leer m\u00e1s sobre Investigaci\u00f3n\">Llegir m\u00e9s<\/a><\/p>\n","protected":false},"author":4,"featured_media":0,"parent":0,"menu_order":0,"comment_status":"closed","ping_status":"closed","template":"","meta":{"_acf_changed":false,"footnotes":""},"class_list":{"0":"post-8427","1":"page","2":"type-page","3":"status-publish","5":"infinite-scroll-item"},"acf":[],"yoast_head":"<!-- This site is optimized with the Yoast SEO plugin v27.4 - https:\/\/yoast.com\/product\/yoast-seo-wordpress\/ -->\n<title>Investigaci\u00f3n - EDUVIC \u00b7 Itinere<\/title>\n<meta name=\"description\" content=\"EDUVIC \u00b7 Itinere es tambi\u00e9n un centro de investigaci\u00f3n aplicada basada en el m\u00e9todo de la investigaci\u00f3n-acci\u00f3n desde la pr\u00e1ctica reflexiva.\" \/>\n<meta name=\"robots\" content=\"index, follow, max-snippet:-1, max-image-preview:large, max-video-preview:-1\" \/>\n<link rel=\"canonical\" href=\"https:\/\/itinere.eduvic.coop\/es\/investigacion\/\" \/>\n<meta property=\"og:locale\" content=\"es_ES\" \/>\n<meta property=\"og:type\" content=\"article\" \/>\n<meta property=\"og:title\" content=\"Investigaci\u00f3n - EDUVIC \u00b7 Itinere\" \/>\n<meta property=\"og:description\" content=\"EDUVIC \u00b7 Itinere es tambi\u00e9n un centro de investigaci\u00f3n aplicada basada en el m\u00e9todo de la investigaci\u00f3n-acci\u00f3n desde la pr\u00e1ctica reflexiva.\" \/>\n<meta property=\"og:url\" content=\"https:\/\/itinere.eduvic.coop\/es\/investigacion\/\" \/>\n<meta property=\"og:site_name\" content=\"EDUVIC \u00b7 Itinere\" \/>\n<meta property=\"article:modified_time\" content=\"2025-11-07T08:52:19+00:00\" \/>\n<meta name=\"twitter:card\" content=\"summary_large_image\" \/>\n<meta name=\"twitter:label1\" content=\"Tiempo de lectura\" \/>\n\t<meta name=\"twitter:data1\" content=\"9 minutos\" \/>\n<script type=\"application\/ld+json\" class=\"yoast-schema-graph\">{\"@context\":\"https:\\\/\\\/schema.org\",\"@graph\":[{\"@type\":\"WebPage\",\"@id\":\"https:\\\/\\\/itinere.eduvic.coop\\\/es\\\/investigacion\\\/\",\"url\":\"https:\\\/\\\/itinere.eduvic.coop\\\/es\\\/investigacion\\\/\",\"name\":\"Investigaci\u00f3n - EDUVIC \u00b7 Itinere\",\"isPartOf\":{\"@id\":\"https:\\\/\\\/itinere.eduvic.coop\\\/es\\\/#website\"},\"datePublished\":\"2023-04-04T15:51:53+00:00\",\"dateModified\":\"2025-11-07T08:52:19+00:00\",\"description\":\"EDUVIC \u00b7 Itinere es tambi\u00e9n un centro de investigaci\u00f3n aplicada basada en el m\u00e9todo de la investigaci\u00f3n-acci\u00f3n desde la pr\u00e1ctica reflexiva.\",\"breadcrumb\":{\"@id\":\"https:\\\/\\\/itinere.eduvic.coop\\\/es\\\/investigacion\\\/#breadcrumb\"},\"inLanguage\":\"es\",\"potentialAction\":[{\"@type\":\"ReadAction\",\"target\":[\"https:\\\/\\\/itinere.eduvic.coop\\\/es\\\/investigacion\\\/\"]}]},{\"@type\":\"BreadcrumbList\",\"@id\":\"https:\\\/\\\/itinere.eduvic.coop\\\/es\\\/investigacion\\\/#breadcrumb\",\"itemListElement\":[{\"@type\":\"ListItem\",\"position\":1,\"name\":\"Inici\",\"item\":\"https:\\\/\\\/itinere.eduvic.coop\\\/es\\\/\"},{\"@type\":\"ListItem\",\"position\":2,\"name\":\"Investigaci\u00f3n\"}]},{\"@type\":\"WebSite\",\"@id\":\"https:\\\/\\\/itinere.eduvic.coop\\\/es\\\/#website\",\"url\":\"https:\\\/\\\/itinere.eduvic.coop\\\/es\\\/\",\"name\":\"EDUVIC \u00b7 Itinere\",\"description\":\"\",\"publisher\":{\"@id\":\"https:\\\/\\\/itinere.eduvic.coop\\\/es\\\/#organization\"},\"potentialAction\":[{\"@type\":\"SearchAction\",\"target\":{\"@type\":\"EntryPoint\",\"urlTemplate\":\"https:\\\/\\\/itinere.eduvic.coop\\\/es\\\/?s={search_term_string}\"},\"query-input\":{\"@type\":\"PropertyValueSpecification\",\"valueRequired\":true,\"valueName\":\"search_term_string\"}}],\"inLanguage\":\"es\"},{\"@type\":\"Organization\",\"@id\":\"https:\\\/\\\/itinere.eduvic.coop\\\/es\\\/#organization\",\"name\":\"EDUVIC \u00b7 Itinere\",\"url\":\"https:\\\/\\\/itinere.eduvic.coop\\\/es\\\/\",\"logo\":{\"@type\":\"ImageObject\",\"inLanguage\":\"es\",\"@id\":\"https:\\\/\\\/itinere.eduvic.coop\\\/es\\\/#\\\/schema\\\/logo\\\/image\\\/\",\"url\":\"https:\\\/\\\/itinere.eduvic.coop\\\/wp-content\\\/uploads\\\/2024\\\/04\\\/EDUVIC-ITINERE-2024.png\",\"contentUrl\":\"https:\\\/\\\/itinere.eduvic.coop\\\/wp-content\\\/uploads\\\/2024\\\/04\\\/EDUVIC-ITINERE-2024.png\",\"width\":5486,\"height\":2647,\"caption\":\"EDUVIC \u00b7 Itinere\"},\"image\":{\"@id\":\"https:\\\/\\\/itinere.eduvic.coop\\\/es\\\/#\\\/schema\\\/logo\\\/image\\\/\"},\"sameAs\":[\"https:\\\/\\\/www.instagram.com\\\/eduvic.itinere\\\/\",\"https:\\\/\\\/www.linkedin.com\\\/company\\\/82385485\\\/admin\\\/feed\\\/posts\\\/\"]}]}<\/script>\n<!-- \/ Yoast SEO plugin. -->","yoast_head_json":{"title":"Investigaci\u00f3n - EDUVIC \u00b7 Itinere","description":"EDUVIC \u00b7 Itinere es tambi\u00e9n un centro de investigaci\u00f3n aplicada basada en el m\u00e9todo de la investigaci\u00f3n-acci\u00f3n desde la pr\u00e1ctica reflexiva.","robots":{"index":"index","follow":"follow","max-snippet":"max-snippet:-1","max-image-preview":"max-image-preview:large","max-video-preview":"max-video-preview:-1"},"canonical":"https:\/\/itinere.eduvic.coop\/es\/investigacion\/","og_locale":"es_ES","og_type":"article","og_title":"Investigaci\u00f3n - EDUVIC \u00b7 Itinere","og_description":"EDUVIC \u00b7 Itinere es tambi\u00e9n un centro de investigaci\u00f3n aplicada basada en el m\u00e9todo de la investigaci\u00f3n-acci\u00f3n desde la pr\u00e1ctica reflexiva.","og_url":"https:\/\/itinere.eduvic.coop\/es\/investigacion\/","og_site_name":"EDUVIC \u00b7 Itinere","article_modified_time":"2025-11-07T08:52:19+00:00","twitter_card":"summary_large_image","twitter_misc":{"Tiempo de lectura":"9 minutos"},"schema":{"@context":"https:\/\/schema.org","@graph":[{"@type":"WebPage","@id":"https:\/\/itinere.eduvic.coop\/es\/investigacion\/","url":"https:\/\/itinere.eduvic.coop\/es\/investigacion\/","name":"Investigaci\u00f3n - EDUVIC \u00b7 Itinere","isPartOf":{"@id":"https:\/\/itinere.eduvic.coop\/es\/#website"},"datePublished":"2023-04-04T15:51:53+00:00","dateModified":"2025-11-07T08:52:19+00:00","description":"EDUVIC \u00b7 Itinere es tambi\u00e9n un centro de investigaci\u00f3n aplicada basada en el m\u00e9todo de la investigaci\u00f3n-acci\u00f3n desde la pr\u00e1ctica reflexiva.","breadcrumb":{"@id":"https:\/\/itinere.eduvic.coop\/es\/investigacion\/#breadcrumb"},"inLanguage":"es","potentialAction":[{"@type":"ReadAction","target":["https:\/\/itinere.eduvic.coop\/es\/investigacion\/"]}]},{"@type":"BreadcrumbList","@id":"https:\/\/itinere.eduvic.coop\/es\/investigacion\/#breadcrumb","itemListElement":[{"@type":"ListItem","position":1,"name":"Inici","item":"https:\/\/itinere.eduvic.coop\/es\/"},{"@type":"ListItem","position":2,"name":"Investigaci\u00f3n"}]},{"@type":"WebSite","@id":"https:\/\/itinere.eduvic.coop\/es\/#website","url":"https:\/\/itinere.eduvic.coop\/es\/","name":"EDUVIC \u00b7 Itinere","description":"","publisher":{"@id":"https:\/\/itinere.eduvic.coop\/es\/#organization"},"potentialAction":[{"@type":"SearchAction","target":{"@type":"EntryPoint","urlTemplate":"https:\/\/itinere.eduvic.coop\/es\/?s={search_term_string}"},"query-input":{"@type":"PropertyValueSpecification","valueRequired":true,"valueName":"search_term_string"}}],"inLanguage":"es"},{"@type":"Organization","@id":"https:\/\/itinere.eduvic.coop\/es\/#organization","name":"EDUVIC \u00b7 Itinere","url":"https:\/\/itinere.eduvic.coop\/es\/","logo":{"@type":"ImageObject","inLanguage":"es","@id":"https:\/\/itinere.eduvic.coop\/es\/#\/schema\/logo\/image\/","url":"https:\/\/itinere.eduvic.coop\/wp-content\/uploads\/2024\/04\/EDUVIC-ITINERE-2024.png","contentUrl":"https:\/\/itinere.eduvic.coop\/wp-content\/uploads\/2024\/04\/EDUVIC-ITINERE-2024.png","width":5486,"height":2647,"caption":"EDUVIC \u00b7 Itinere"},"image":{"@id":"https:\/\/itinere.eduvic.coop\/es\/#\/schema\/logo\/image\/"},"sameAs":["https:\/\/www.instagram.com\/eduvic.itinere\/","https:\/\/www.linkedin.com\/company\/82385485\/admin\/feed\/posts\/"]}]}},"_links":{"self":[{"href":"https:\/\/itinere.eduvic.coop\/es\/wp-json\/wp\/v2\/pages\/8427","targetHints":{"allow":["GET"]}}],"collection":[{"href":"https:\/\/itinere.eduvic.coop\/es\/wp-json\/wp\/v2\/pages"}],"about":[{"href":"https:\/\/itinere.eduvic.coop\/es\/wp-json\/wp\/v2\/types\/page"}],"author":[{"embeddable":true,"href":"https:\/\/itinere.eduvic.coop\/es\/wp-json\/wp\/v2\/users\/4"}],"replies":[{"embeddable":true,"href":"https:\/\/itinere.eduvic.coop\/es\/wp-json\/wp\/v2\/comments?post=8427"}],"version-history":[{"count":20,"href":"https:\/\/itinere.eduvic.coop\/es\/wp-json\/wp\/v2\/pages\/8427\/revisions"}],"predecessor-version":[{"id":11080,"href":"https:\/\/itinere.eduvic.coop\/es\/wp-json\/wp\/v2\/pages\/8427\/revisions\/11080"}],"wp:attachment":[{"href":"https:\/\/itinere.eduvic.coop\/es\/wp-json\/wp\/v2\/media?parent=8427"}],"curies":[{"name":"wp","href":"https:\/\/api.w.org\/{rel}","templated":true}]}}